{"id":1011,"date":"2020-02-17T09:27:38","date_gmt":"2020-02-17T09:27:38","guid":{"rendered":"https:\/\/fastdry.metmann.com\/politica-de-privacidad\/"},"modified":"2021-11-09T11:36:20","modified_gmt":"2021-11-09T10:36:20","slug":"politica-de-privacidad","status":"publish","type":"page","link":"https:\/\/fastdry.metmann.com\/fr\/politica-de-privacidad\/","title":{"rendered":"POLITIQUE DE CONFIDENTIALIT\u00c9"},"content":{"rendered":"<p>[et_pb_section fb_built=\u00a0\u00bb1&Prime; custom_padding_last_edited=\u00a0\u00bbon|phone\u00a0\u00bb admin_label=\u00a0\u00bbsection\u00a0\u00bb _builder_version=\u00a0\u00bb3.22&Prime; custom_padding=\u00a0\u00bb150px||300px||false|false\u00a0\u00bb custom_padding_tablet=\u00a0\u00bb125px||280px||false|false\u00a0\u00bb custom_padding_phone=\u00a0\u00bb\u00a0\u00bb][et_pb_row admin_label=\u00a0\u00bbrow\u00a0\u00bb _builder_version=\u00a0\u00bb3.25&Prime; background_size=\u00a0\u00bbinitial\u00a0\u00bb background_position=\u00a0\u00bbtop_left\u00a0\u00bb background_repeat=\u00a0\u00bbrepeat\u00a0\u00bb][et_pb_column type=\u00a0\u00bb4_4&Prime; _builder_version=\u00a0\u00bb3.25&Prime; custom_padding=\u00a0\u00bb|||\u00a0\u00bb custom_padding__hover=\u00a0\u00bb|||\u00a0\u00bb][et_pb_text _builder_version=\u00a0\u00bb4.9.7&Prime; _module_preset=\u00a0\u00bbdefault\u00a0\u00bb header_font=\u00a0\u00bbUbuntu|700||on|||||\u00a0\u00bb header_text_align=\u00a0\u00bbcenter\u00a0\u00bb header_text_color=\u00a0\u00bb#D77F0C\u00a0\u00bb header_font_size=\u00a0\u00bb42px\u00a0\u00bb custom_margin=\u00a0\u00bb||40px||false|false\u00a0\u00bb custom_padding=\u00a0\u00bb||10px||false|false\u00a0\u00bb hover_enabled=\u00a0\u00bb0&Prime; header_font_size_tablet=\u00a0\u00bb36px\u00a0\u00bb header_font_size_phone=\u00a0\u00bb32px\u00a0\u00bb header_font_size_last_edited=\u00a0\u00bbon|phone\u00a0\u00bb border_width_bottom=\u00a0\u00bb2px\u00a0\u00bb border_color_bottom=\u00a0\u00bb#E8E8E8&Prime; locked=\u00a0\u00bboff\u00a0\u00bb sticky_enabled=\u00a0\u00bb0&Prime;]<\/p>\n<h1>POLITIQUE DE CONFIDENTIALIT\u00c9 <\/h1>\n<p>[\/et_pb_text][et_pb_text admin_label=\u00a0\u00bbText\u00a0\u00bb _builder_version=\u00a0\u00bb4.9.7&Prime; text_font=\u00a0\u00bbUbuntu|300|||||||\u00a0\u00bb text_font_size=\u00a0\u00bb16px\u00a0\u00bb text_line_height=\u00a0\u00bb1.4em\u00a0\u00bb header_2_text_color=\u00a0\u00bb#000000&Prime; background_size=\u00a0\u00bbinitial\u00a0\u00bb background_position=\u00a0\u00bbtop_left\u00a0\u00bb background_repeat=\u00a0\u00bbrepeat\u00a0\u00bb hover_enabled=\u00a0\u00bb0&Prime; header_2_font_size_tablet=\u00a0\u00bb22px\u00a0\u00bb header_2_font_size_phone=\u00a0\u00bb20px\u00a0\u00bb header_2_font_size_last_edited=\u00a0\u00bbon|phone\u00a0\u00bb sticky_enabled=\u00a0\u00bb0&Prime;]<\/p>\n<div id=\"clickdatos\">\n<h2>POLITIQUE DE PROTECTION DE LA VIE PRIV\u00c9E ET DES DONN\u00c9ES<\/h2>\n<p>Conform\u00e9ment au r\u00e8glement (UE) 2016\/679 du Parlement europ\u00e9en et du Conseil du 27 avril 2016 relatif \u00e0 la protection des personnes physiques \u00e0 l&rsquo;\u00e9gard du traitement des donn\u00e9es \u00e0 caract\u00e8re personnel, abrogeant la directive 95\/46\/CE (ci-apr\u00e8s, GDPR), de la loi 34\/2002, du 11 juillet, relative aux services de la soci\u00e9t\u00e9 de l&rsquo;information et au commerce \u00e9lectronique (ci-apr\u00e8s, LSSI-CE) et de la loi organique 3\/2018, relative \u00e0 la protection des donn\u00e9es personnelles et \u00e0 la garantie des droits num\u00e9riques (ci-apr\u00e8s, LOPDGDD), METALURGICA MANLLEUENSE, S. A. garantit la protection et la confidentialit\u00e9 des donn\u00e9es personnelles de toute nature fournies par nos clients, conform\u00e9ment aux dispositions du R\u00e8glement g\u00e9n\u00e9ral sur la protection des donn\u00e9es personnelles.<\/p>\n<p>Les donn\u00e9es fournies seront trait\u00e9es dans les termes \u00e9tablis dans le RGPD, dans ce sens METALURGICA MANLLEUENSE, S.A. a adopt\u00e9 les niveaux de protection qui sont l\u00e9galement requis, et a install\u00e9 toutes les mesures techniques \u00e0 sa disposition pour \u00e9viter la perte, la mauvaise utilisation, l&rsquo;alt\u00e9ration, l&rsquo;acc\u00e8s non autoris\u00e9 par des tiers, expos\u00e9es ci-dessous. Toutefois, l&rsquo;utilisateur doit \u00eatre conscient que les mesures de s\u00e9curit\u00e9 sur Internet ne sont pas inexpugnables.<\/p>\n<p><strong>Responsable du traitement des donn\u00e9es<\/strong><br \/>Nom : METALURGICA MANLLEUENSE, S.A.<br \/>NUM\u00c9RO D&rsquo;IDENTIFICATION FISCALE : A08316028<br \/>Adresse : FONTCUBERTA 32-36 POLIG. IND. LA COROMINA, Code postal : 08560.<br \/>T\u00e9l\u00e9phone : 93851159<br \/>Courriel : acosta@metmann.com<\/p>\n<p><strong>Objectif du traitement<\/strong><br \/>Toutes les donn\u00e9es fournies par nos clients et\/ou visiteurs du site web de METALURGICA MANLLEUENSE, S.A. ou \u00e0 son personnel seront incluses dans le registre des activit\u00e9s de traitement des donn\u00e9es personnelles, cr\u00e9\u00e9 et maintenu sous la responsabilit\u00e9 de METALURGICA MANLLEUENSE, S.A. Ces donn\u00e9es sont essentielles pour fournir les services demand\u00e9s par les utilisateurs, ou pour r\u00e9soudre les doutes ou les questions soulev\u00e9es par nos visiteurs. Notre politique est de ne pas cr\u00e9er de profils des utilisateurs de nos services.<\/p>\n<p><strong>L\u00e9gitimit\u00e9 du traitement<\/strong><\/p>\n<p>Relation contractuelle : il s&rsquo;agit de celle qui s&rsquo;applique lorsque vous achetez l&rsquo;un de nos produits ou souscrivez l&rsquo;un de nos services.<br \/>Int\u00e9r\u00eat l\u00e9gitime : pour traiter les demandes et les plaintes que vous nous adressez et pour g\u00e9rer le recouvrement des sommes dues.<br \/>Votre consentement : Si vous \u00eates un utilisateur de notre site web, en cochant la case du formulaire de contact, vous nous autorisez \u00e0 vous envoyer les communications n\u00e9cessaires pour r\u00e9pondre \u00e0 votre question ou demande d&rsquo;information.<\/p>\n<p><strong>B\u00e9n\u00e9ficiaires<\/strong><br \/>Nous ne transmettons vos donn\u00e9es personnelles \u00e0 personne, \u00e0 l&rsquo;exception des entit\u00e9s publiques ou priv\u00e9es auxquelles nous sommes oblig\u00e9s de fournir vos donn\u00e9es personnelles pour nous conformer \u00e0 la loi. Par exemple, la loi fiscale nous oblige \u00e0 fournir \u00e0 l&rsquo;Agence fiscale certaines informations sur les transactions financi\u00e8res d\u00e9passant un certain montant.<\/p>\n<p>Dans le cas o\u00f9, en dehors des cas susmentionn\u00e9s, nous devrions divulguer vos informations personnelles \u00e0 d&rsquo;autres entit\u00e9s, nous vous demanderons votre autorisation pr\u00e9alable par le biais d&rsquo;options claires qui vous permettront de d\u00e9cider \u00e0 cet \u00e9gard.<\/p>\n<p><strong>Communication<\/strong><br \/>Nous n&rsquo;effectuerons pas de transferts internationaux de vos donn\u00e9es personnelles pour l&rsquo;un des objectifs \u00e9nonc\u00e9s ci-dessus.<br \/>(NOTE INTERNE : CE PARAGRAPHE DOIT \u00caTRE MODIFI\u00c9 PAR LE RESPONSABLE DU TRAITEMENT SI DES TRANSFERTS INTERNATIONAUX ONT EFFECTIVEMENT LIEU. NOUS VOUS RECOMMANDONS DE DEMANDER CONSEIL SI VOUS NE SAVEZ PAS COMMENT LE REFL\u00c9TER CORRECTEMENT POUR RESPECTER LA R\u00c9GLEMENTATION).<\/p>\n<p><strong>R\u00e9tention<\/strong><br \/>Nous ne conserverons vos donn\u00e9es personnelles que le temps n\u00e9cessaire \u00e0 la r\u00e9alisation des objectifs pour lesquels elles ont \u00e9t\u00e9 collect\u00e9es. Pour d\u00e9terminer la p\u00e9riode de conservation appropri\u00e9e, nous prenons en compte les risques li\u00e9s au traitement, ainsi que nos obligations contractuelles, l\u00e9gales et r\u00e9glementaires, nos politiques internes de conservation des donn\u00e9es et nos int\u00e9r\u00eats commerciaux l\u00e9gitimes, tels que d\u00e9crits dans le pr\u00e9sent avis de confidentialit\u00e9 et la politique en mati\u00e8re de cookies.<\/p>\n<p>En ce sens, METALURGICA MANLLEUENSE, S.A. conservera les donn\u00e9es personnelles une fois que sa relation avec vous aura pris fin, d\u00fbment bloqu\u00e9es, pendant la p\u00e9riode de prescription des actions pouvant d\u00e9couler de la relation maintenue avec l&rsquo;int\u00e9ress\u00e9.<\/p>\n<p>Une fois bloqu\u00e9es, vos donn\u00e9es seront inaccessibles \u00e0 METALURGICA MANLLEUENSE, S.A., et ne seront pas trait\u00e9es, sauf pour les mettre \u00e0 la disposition des Administrations Publiques, des Juges et des Tribunaux, pour l&rsquo;attention des \u00e9ventuelles responsabilit\u00e9s d\u00e9coulant du traitement, ainsi que pour l&rsquo;exercice et la d\u00e9fense des r\u00e9clamations devant l&rsquo;Agence Espagnole de Protection des Donn\u00e9es.<\/p>\n<p>Traduit avec www.DeepL.com\/Translator (version gratuite)<\/p>\n<p><strong>S\u00e9curit\u00e9<\/strong><\/p>\n<p>Nous d\u00e9ployons des efforts raisonnables pour pr\u00e9server la confidentialit\u00e9 des informations personnelles trait\u00e9es sur nos syst\u00e8mes. Nous maintenons des niveaux de s\u00e9curit\u00e9 stricts pour prot\u00e9ger les donn\u00e9es personnelles que nous traitons contre la perte accidentelle et contre l&rsquo;acc\u00e8s, le traitement ou la divulgation non autoris\u00e9s, en tenant compte de l&rsquo;\u00e9tat de la technologie et de la nature et des risques auxquels les donn\u00e9es sont expos\u00e9es. Toutefois, nous ne pouvons \u00eatre tenus responsables de l&rsquo;utilisation des donn\u00e9es (y compris votre nom d&rsquo;utilisateur et votre mot de passe) que vous utilisez sur notre site web. Notre personnel suit des r\u00e8gles strictes en mati\u00e8re de protection de la vie priv\u00e9e et, lorsque nous employons des tiers pour fournir des services d&rsquo;assistance, nous exigeons qu&rsquo;ils respectent les m\u00eames r\u00e8gles et nous autorisons un audit de leur conformit\u00e9.<\/p>\n<p><strong>Vos droits<\/strong><br \/>Veuillez noter que vous pouvez exercer les droits suivants :<\/p>\n<p>Droit d&rsquo;acc\u00e8s \u00e0 vos donn\u00e9es personnelles, de savoir quelles donn\u00e9es personnelles sont trait\u00e9es et les op\u00e9rations de traitement effectu\u00e9es sur celles-ci ;<br \/>Le droit de rectifier toute donn\u00e9e personnelle inexacte ;<br \/>Droit \u00e0 l&rsquo;effacement de vos donn\u00e9es personnelles, lorsque cela est possible (par exemple, en vertu de la loi) ;<br \/>Le droit de restreindre le traitement de vos donn\u00e9es personnelles lorsque l&rsquo;exactitude, la l\u00e9galit\u00e9 ou la n\u00e9cessit\u00e9 du traitement des donn\u00e9es est mise en doute, auquel cas nous pouvons conserver les donn\u00e9es afin de poursuivre ou de d\u00e9fendre des r\u00e9clamations.<br \/>Le droit de s&rsquo;opposer au traitement de vos donn\u00e9es personnelles, lorsque la base juridique qui nous permet de les traiter est notre int\u00e9r\u00eat l\u00e9gitime. \u00ab\u00a0Nom_de_la_soci\u00e9t\u00e9\u00a0\u00bb cessera de traiter vos donn\u00e9es, \u00e0 moins qu&rsquo;elle n&rsquo;ait un int\u00e9r\u00eat l\u00e9gitime ou que cela soit n\u00e9cessaire pour la d\u00e9fense des revendications.<br \/>Droit \u00e0 la portabilit\u00e9 de vos donn\u00e9es, lorsque la base juridique qui nous permet de les traiter est l&rsquo;existence d&rsquo;une relation contractuelle ou votre consentement.<br \/>Le droit de r\u00e9voquer l&rsquo;autorisation accord\u00e9e \u00e0 METALURGICA MANLLEUENSE, S.A.<\/p>\n<p>Pour exercer vos droits, vous pouvez le faire gratuitement et \u00e0 tout moment en nous contactant \u00e0 l&rsquo;adresse METALURGICA MANLLEUENSE, S.A., en joignant une copie de votre carte d&rsquo;identit\u00e9.<\/p>\n<p><strong>Protection des droits<\/strong><br \/>Si vous estimez que notre entreprise n&rsquo;a pas respect\u00e9 vos droits, vous pouvez d\u00e9poser une plainte aupr\u00e8s de l&rsquo;Agence espagnole de protection des donn\u00e9es, par l&rsquo;un des moyens suivants :<\/p>\n<p>Site \u00e9lectronique : https:\/\/www.aepd.es<br \/>Courrier postal : Agencia Espa\u00f1ola de Protecci\u00f3n de Datos, C\/ Jorge Juan, 6, 28001, Madrid<br \/>T\u00e9l\u00e9phone : 901.100.099 et 912.663.517<\/p>\n<p>Le d\u00e9p\u00f4t d&rsquo;une plainte aupr\u00e8s de l&rsquo;Agence espagnole de protection des donn\u00e9es n&rsquo;entra\u00eene aucun co\u00fbt et l&rsquo;assistance d&rsquo;un avocat ou d&rsquo;un notaire n&rsquo;est pas n\u00e9cessaire.<\/p>\n<p>Mises \u00e0 jour<br \/>METALURGICA MANLLEUENSE, S.A. se r\u00e9serve le droit de modifier la pr\u00e9sente politique afin de l&rsquo;adapter aux nouveaux d\u00e9veloppements l\u00e9gaux ou jurisprudentiels qui peuvent affecter le respect de celle-ci.<\/p>\n<p>Traduit avec www.DeepL.com\/Translator (version gratuite)<\/p>\n<\/div>\n<p>[\/et_pb_text][\/et_pb_column][\/et_pb_row][\/et_pb_section]<\/p>\n","protected":false},"excerpt":{"rendered":"<p>POLITIQUE DE CONFIDENTIALIT\u00c9 POLITIQUE DE PROTECTION DE LA VIE PRIV\u00c9E ET DES DONN\u00c9ES Conform\u00e9ment au r\u00e8glement (UE) 2016\/679 du Parlement europ\u00e9en et du Conseil du 27 avril 2016 relatif \u00e0 la protection des personnes physiques \u00e0 l&rsquo;\u00e9gard du traitement des donn\u00e9es \u00e0 caract\u00e8re personnel, abrogeant la directive 95\/46\/CE (ci-apr\u00e8s, GDPR), de la loi 34\/2002, du [&hellip;]<\/p>\n","protected":false},"author":1,"featured_media":0,"parent":0,"menu_order":0,"comment_status":"closed","ping_status":"closed","template":"","meta":{"_et_pb_use_builder":"on","_et_pb_old_content":"<div id=\"clickdatos\"><h2>POL\u00cdTICA DE PRIVACIDAD Y PROTECCI\u00d3N DE DATOS<\/h2><p>En cumplimiento del Reglamento (UE) 2016\/679 del Parlamento Europeo y del Consejo, de 27 de abril de 2016, relativo a la protecci\u00f3n de las personas f\u00edsicas en lo que respecta al tratamiento de datos personales, por el que se deroga la directiva 95\/46\/CE (en adelante, RGPD), de la Ley 34\/2002, de 11 de julio, de servicios de la sociedad de la informaci\u00f3n y comercio electr\u00f3nico (en adelante, LSSI-CE) y de la Ley Org\u00e1nica 3\/2018, de Protecci\u00f3n de Datos Personales y garant\u00eda de los derechos digitales (en adelante, LOPDGDD), XXX garantiza la protecci\u00f3n y confidencialidad de los datos personales, de cualquier tipo que nos proporcionen nuestros clientes, de acuerdo con lo dispuesto en el Reglamento General de Protecci\u00f3n de Datos de Car\u00e1cter Personal.<\/p>\r\n<p>Los datos facilitados ser\u00e1n tratados en los t\u00e9rminos establecidos en el RGPD, en ese sentido XXX ha adoptado los niveles de protecci\u00f3n que legalmente se exigen, y ha instalado todas las medidas t\u00e9cnicas a su alcance para evitar la p\u00e9rdida, mal uso, alteraci\u00f3n, acceso no autorizado por terceros, expuestos a continuaci\u00f3n. No obstante, el usuario debe ser consciente de que las medidas de seguridad en Internet no son inexpugnables.<\/p>\r\n<p><strong>Responsable del tratamiento<\/strong><br>Denominaci\u00f3n: XXX<br>CIF: XXXXXXXXX<br>Direcci\u00f3n: XXX<br>Tel\u00e9fono: 123456789<br>Correo electr\u00f3nico: XXX@XXX.COM<\/p>\r\n<p><strong>Finalidad del tratamiento<\/strong><br>Todos los datos facilitados por nuestros clientes y\/o visitantes en la web de XXX o a su personal, ser\u00e1n incluidos en registro de actividades de tratamiento de datos de car\u00e1cter personal, creado y mantenido bajo la resposabilidad de XXX, imprescindibles para prestar los servicios solicitados por los usuarios, o para resolver las dudas o cuestiones planteadas por nuestros visitantes. Nuestra pol\u00edtica es no elaborar perfiles sobre los usuarios de nuestros servicios.<\/p>\r\n<p><strong>Legitimidad del tratamiento<\/strong>\r\n<ol type=\"a\">\r\n    <li>Relaci\u00f3n contractual: Es la que aplica cuando compra uno de nuestros productos o contrata alguno de nuestros servicios.<\/li>\r\n    <li>Inter\u00e9s leg\u00edtimo: Para atender a las consultas y reclamaciones que nos plantee y para gestionar el cobro de las cantidades adeudadas.<\/li>\r\n    <li>Su consentimiento: Si es usuario de nuestra web, mediante la marcaci\u00f3n de la casilla que figura en el formulario de contacto, nos autoriza a que le remitamos las comunicaciones necesarias para dar respuesta a la consulta o solicitud de informaci\u00f3n planteada.<\/li>\r\n<\/ol>\r\n<\/p>\r\n<p><strong>Destinatarios<\/strong><br>No cedemos sus datos personales a nadie, a excepci\u00f3n de aquellas entidades p\u00fablicas o privadas a las cuales estemos obligados a facilitar sus datos personales con motivo del cumplimiento de alguna ley. Por poner un ejemplo, la Ley Tributaria obliga a facilitar a la Agencia Tributaria determinada informaci\u00f3n sobre operaciones econ\u00f3micas que superen una determinada cantidad.<\/p>\r\n<p>En el caso de que, al margen de los supuestos comentados, necesitemos dar a conocer  su informaci\u00f3n personal a otras entidades, le solicitaremos previamente su permiso a trav\u00e9s de opciones claras que le permitir\u00e1n decidir a este respecto.<\/p>\r\n<p><strong>Comunicaci\u00f3n<\/strong><br>No realizaremos transferencias internacionales de sus datos personales para ninguna de las finalidades indicadas.<br>(<strong>NOTA INTERNA<\/strong>: ESTE P\u00c1RRAFO SE HA DE CAMBIAR POR EL RESPONSABLE SI REALMENTE SE PRODUCEN TRANSFERENCIAS INTERNACIONALES. TE RECOMENDAMOS SOLICITAR ASESORAMIENTO SI NO SABES C\u00d3MO REFLEJARLO CORRECTAMENTE PARA CUMPLIR CON LA NORMATIVA)<\/p>\r\n<p><strong>Conservaci\u00f3n<\/strong><br>Solo conservaremos sus datos personales durante el tiempo que resulte necesario para lograr los fines para los que fueron recabados. A la hora de determinar el oportuno periodo de conservaci\u00f3n, examinamos los riesgos que conlleva el tratamiento, as\u00ed como nuestras obligaciones contractuales, legales y normativas, las pol\u00edticas internas de conservaci\u00f3n de datos y nuestros intereses de negocio leg\u00edtimos descritos en el presente Aviso de Privacidad y Pol\u00edtica de Cookies.<\/p>\r\n<p>En este sentido, XXX conservar\u00e1 los datos personales una vez terminada su relaci\u00f3n con Ud., debidamente bloqueados, durante el plazo de prescripci\u00f3n de las acciones que pudieran derivarse de la relaci\u00f3n mantenida con el interesado.<\/p>\r\n<p>Una vez bloqueados, sus datos resultar\u00e1n inaccesibles para XXX, y no ser\u00e1n tratados excepto para su puesta a disposici\u00f3n a las Administraciones p\u00fablicas, Jueces y Tribunales, para la atenci\u00f3n de las posibles responsabilidades nacidas de los tratamientos, as\u00ed como para el ejercicio y defensa de reclamaciones ante la Agencia Espa\u00f1ola de Protecci\u00f3n de Datos.<\/p>\r\n<p><strong>Seguridad<\/strong><br>Empleamos todos los esfuerzos razonables para mantener la confidencialidad de la informaci\u00f3n personal que se trate en nuestros sistemas. Mantenemos estrictos niveles de seguridad para proteger los datos de car\u00e1cter personal que procesamos frente a p\u00e9rdidas fortuitas y a accesos, tratamientos o revelaciones no autorizados, habida cuenta del estado de la tecnolog\u00eda, la naturaleza y los riesgos a que est\u00e1n expuestos los datos. No obstante, no podemos responsabilizarnos del uso que Ud. haga de los datos (incluido usuario y contrase\u00f1a) que utilice en nuestra web. Nuestro personal sigue estrictas normas de privacidad y en el caso de que contratemos a terceros para prestar servicios de soporte, les exigimos que acaten las mismas normas y nos permitan auditarles para verificar su cumplimiento.<\/p>\r\n<p><strong>Sus derechos<\/strong><br>Le informamos que podr\u00e1 ejercer los siguientes derechos:\r\n<ol type=\"a\">\r\n    <li>Derecho de acceso a sus datos personales, para saber cu\u00e1les est\u00e1n siendo objeto de tratamiento y las operaciones de tratamiento llevadas a cabo con ellos;<\/li>\r\n    <li>Derecho de rectificaci\u00f3n de cualquier dato personal inexacto;<\/li>\r\n    <li>Derecho de supresi\u00f3n de sus datos personales, cuando esto sea posible (por ejemplo, por imperativo legal);<\/li>\r\n    <li>Derecho de limitaci\u00f3n del tratamiento de sus datos personales cuando la exactitud, la legalidad o la necesidad del tratamiento de los datos resulte dudosa, en cuyo caso, podremos conservarlos para el ejercicio o la defensa de reclamaciones.<\/li>\r\n    <li>Derecho de oposici\u00f3n al tratamiento de sus datos personales, cuando la base legal que nos habilite para su tratamiento de las indicadas sea nuestro inter\u00e9s leg\u00edtimo. \u00abNombre_Empresa\u00bb dejar\u00e1 de tratar tus datos salvo que tenga un inter\u00e9s leg\u00edtimo o sea necesario para la defensa de reclamaciones.<\/li>\r\n    <li>Derecho a la portabilidad de sus datos, cuando la base legal que nos habilite para su tratamiento sea la existencia de una relaci\u00f3n contractual o su consentimiento.<\/li>\r\n    <li>Derecho a revocar el consentimiento otorgado a XXX<\/li>\r\n<\/ol>\r\n<\/p>\r\nPara ejercitar sus derechos, puede hacerlo de manera gratuita y en cualquier momento contactando con nosotros en la direcci\u00f3n XXX, adjuntando copia de su DNI.<br>\r\n<p><strong>Tutela de derechos<\/strong><br>En caso de que entienda que sus derechos han sido desatendidos por nuestra entidad, puede formular una reclamaci\u00f3n en la Agencia Espa\u00f1ola de Protecci\u00f3n de Datos, a trav\u00e9s de alguno de los medios siguientes:\r\n<ul>\r\n    <li>Sede electr\u00f3nica: <a href=\"https:\/\/www.aepd.es\">https:\/\/www.aepd.es<\/a><\/li>\r\n    <li>Correo postal: Agencia Espa\u00f1ola de Protecci\u00f3n de Datos, C\/ Jorge Juan, 6, 28001, Madrid <\/li>\r\n    <li>Tel\u00e9fono: 901.100.099 y 912.663.517<\/li>\r\n<\/ul>\r\nFormular una reclamaci\u00f3n en la Agencia Espa\u00f1ola de Protecci\u00f3n de Datos no conlleva ning\u00fan coste y no es necesaria la asistencia de abogado ni procurador.<\/p>\r\n<strong>Actualizaciones<\/strong><br>XXX se reserva el derecho a modificar la presente pol\u00edtica para adaptarla a novedades legistlativas o jurisprudenciales que puedan afectar el cumplimiento de la misma.\r\n<\/div>","_et_gb_content_width":"","_joinchat":[],"footnotes":""},"class_list":["post-1011","page","type-page","status-publish","hentry"],"yoast_head":"<!-- This site is optimized with the Yoast SEO plugin v27.1.1 - https:\/\/yoast.com\/product\/yoast-seo-wordpress\/ -->\n<title>\u25b7 Calefacci\u00f3n industrial, comercial, agr\u00edcola y dom\u00e9stica | MET MANN<\/title>\n<meta name=\"robots\" content=\"index, follow, max-snippet:-1, max-image-preview:large, max-video-preview:-1\" \/>\n<link rel=\"canonical\" href=\"https:\/\/fastdry.metmann.com\/fr\/politica-de-privacidad\/\" \/>\n<meta property=\"og:locale\" content=\"fr_FR\" \/>\n<meta property=\"og:type\" content=\"article\" \/>\n<meta property=\"og:title\" content=\"\u25b7 Calefacci\u00f3n industrial, comercial, agr\u00edcola y dom\u00e9stica | MET MANN\" \/>\n<meta property=\"og:description\" content=\"POLITIQUE DE CONFIDENTIALIT\u00c9 POLITIQUE DE PROTECTION DE LA VIE PRIV\u00c9E ET DES DONN\u00c9ES Conform\u00e9ment au r\u00e8glement (UE) 2016\/679 du Parlement europ\u00e9en et du Conseil du 27 avril 2016 relatif \u00e0 la protection des personnes physiques \u00e0 l&#039;\u00e9gard du traitement des donn\u00e9es \u00e0 caract\u00e8re personnel, abrogeant la directive 95\/46\/CE (ci-apr\u00e8s, GDPR), de la loi 34\/2002, du [&hellip;]\" \/>\n<meta property=\"og:url\" content=\"https:\/\/fastdry.metmann.com\/fr\/politica-de-privacidad\/\" \/>\n<meta property=\"og:site_name\" content=\"MET MANN\" \/>\n<meta property=\"article:modified_time\" content=\"2021-11-09T10:36:20+00:00\" \/>\n<meta name=\"twitter:card\" content=\"summary_large_image\" \/>\n<meta name=\"twitter:label1\" content=\"Dur\u00e9e de lecture estim\u00e9e\" \/>\n\t<meta name=\"twitter:data1\" content=\"7 minutes\" \/>\n<script type=\"application\/ld+json\" class=\"yoast-schema-graph\">{\"@context\":\"https:\/\/schema.org\",\"@graph\":[{\"@type\":\"WebPage\",\"@id\":\"https:\/\/fastdry.metmann.com\/fr\/politica-de-privacidad\/\",\"url\":\"https:\/\/fastdry.metmann.com\/fr\/politica-de-privacidad\/\",\"name\":\"\u25b7 Calefacci\u00f3n industrial, comercial, agr\u00edcola y dom\u00e9stica | MET MANN\",\"isPartOf\":{\"@id\":\"https:\/\/fastdry.metmann.com\/#website\"},\"datePublished\":\"2020-02-17T09:27:38+00:00\",\"dateModified\":\"2021-11-09T10:36:20+00:00\",\"breadcrumb\":{\"@id\":\"https:\/\/fastdry.metmann.com\/fr\/politica-de-privacidad\/#breadcrumb\"},\"inLanguage\":\"fr-FR\",\"potentialAction\":[{\"@type\":\"ReadAction\",\"target\":[\"https:\/\/fastdry.metmann.com\/fr\/politica-de-privacidad\/\"]}]},{\"@type\":\"BreadcrumbList\",\"@id\":\"https:\/\/fastdry.metmann.com\/fr\/politica-de-privacidad\/#breadcrumb\",\"itemListElement\":[{\"@type\":\"ListItem\",\"position\":1,\"name\":\"Home\",\"item\":\"https:\/\/fastdry.metmann.com\/fr\/\"},{\"@type\":\"ListItem\",\"position\":2,\"name\":\"POLITIQUE DE CONFIDENTIALIT\u00c9\"}]},{\"@type\":\"WebSite\",\"@id\":\"https:\/\/fastdry.metmann.com\/#website\",\"url\":\"https:\/\/fastdry.metmann.com\/\",\"name\":\"MET MANN\",\"description\":\"Calefacci\u00f3n Met Mann\",\"potentialAction\":[{\"@type\":\"SearchAction\",\"target\":{\"@type\":\"EntryPoint\",\"urlTemplate\":\"https:\/\/fastdry.metmann.com\/?s={search_term_string}\"},\"query-input\":{\"@type\":\"PropertyValueSpecification\",\"valueRequired\":true,\"valueName\":\"search_term_string\"}}],\"inLanguage\":\"fr-FR\"}]}<\/script>\n<!-- \/ Yoast SEO plugin. -->","yoast_head_json":{"title":"\u25b7 Calefacci\u00f3n industrial, comercial, agr\u00edcola y dom\u00e9stica | MET MANN","robots":{"index":"index","follow":"follow","max-snippet":"max-snippet:-1","max-image-preview":"max-image-preview:large","max-video-preview":"max-video-preview:-1"},"canonical":"https:\/\/fastdry.metmann.com\/fr\/politica-de-privacidad\/","og_locale":"fr_FR","og_type":"article","og_title":"\u25b7 Calefacci\u00f3n industrial, comercial, agr\u00edcola y dom\u00e9stica | MET MANN","og_description":"POLITIQUE DE CONFIDENTIALIT\u00c9 POLITIQUE DE PROTECTION DE LA VIE PRIV\u00c9E ET DES DONN\u00c9ES Conform\u00e9ment au r\u00e8glement (UE) 2016\/679 du Parlement europ\u00e9en et du Conseil du 27 avril 2016 relatif \u00e0 la protection des personnes physiques \u00e0 l'\u00e9gard du traitement des donn\u00e9es \u00e0 caract\u00e8re personnel, abrogeant la directive 95\/46\/CE (ci-apr\u00e8s, GDPR), de la loi 34\/2002, du [&hellip;]","og_url":"https:\/\/fastdry.metmann.com\/fr\/politica-de-privacidad\/","og_site_name":"MET MANN","article_modified_time":"2021-11-09T10:36:20+00:00","twitter_card":"summary_large_image","twitter_misc":{"Dur\u00e9e de lecture estim\u00e9e":"7 minutes"},"schema":{"@context":"https:\/\/schema.org","@graph":[{"@type":"WebPage","@id":"https:\/\/fastdry.metmann.com\/fr\/politica-de-privacidad\/","url":"https:\/\/fastdry.metmann.com\/fr\/politica-de-privacidad\/","name":"\u25b7 Calefacci\u00f3n industrial, comercial, agr\u00edcola y dom\u00e9stica | MET MANN","isPartOf":{"@id":"https:\/\/fastdry.metmann.com\/#website"},"datePublished":"2020-02-17T09:27:38+00:00","dateModified":"2021-11-09T10:36:20+00:00","breadcrumb":{"@id":"https:\/\/fastdry.metmann.com\/fr\/politica-de-privacidad\/#breadcrumb"},"inLanguage":"fr-FR","potentialAction":[{"@type":"ReadAction","target":["https:\/\/fastdry.metmann.com\/fr\/politica-de-privacidad\/"]}]},{"@type":"BreadcrumbList","@id":"https:\/\/fastdry.metmann.com\/fr\/politica-de-privacidad\/#breadcrumb","itemListElement":[{"@type":"ListItem","position":1,"name":"Home","item":"https:\/\/fastdry.metmann.com\/fr\/"},{"@type":"ListItem","position":2,"name":"POLITIQUE DE CONFIDENTIALIT\u00c9"}]},{"@type":"WebSite","@id":"https:\/\/fastdry.metmann.com\/#website","url":"https:\/\/fastdry.metmann.com\/","name":"MET MANN","description":"Calefacci\u00f3n Met Mann","potentialAction":[{"@type":"SearchAction","target":{"@type":"EntryPoint","urlTemplate":"https:\/\/fastdry.metmann.com\/?s={search_term_string}"},"query-input":{"@type":"PropertyValueSpecification","valueRequired":true,"valueName":"search_term_string"}}],"inLanguage":"fr-FR"}]}},"_links":{"self":[{"href":"https:\/\/fastdry.metmann.com\/fr\/wp-json\/wp\/v2\/pages\/1011","targetHints":{"allow":["GET"]}}],"collection":[{"href":"https:\/\/fastdry.metmann.com\/fr\/wp-json\/wp\/v2\/pages"}],"about":[{"href":"https:\/\/fastdry.metmann.com\/fr\/wp-json\/wp\/v2\/types\/page"}],"author":[{"embeddable":true,"href":"https:\/\/fastdry.metmann.com\/fr\/wp-json\/wp\/v2\/users\/1"}],"replies":[{"embeddable":true,"href":"https:\/\/fastdry.metmann.com\/fr\/wp-json\/wp\/v2\/comments?post=1011"}],"version-history":[{"count":0,"href":"https:\/\/fastdry.metmann.com\/fr\/wp-json\/wp\/v2\/pages\/1011\/revisions"}],"wp:attachment":[{"href":"https:\/\/fastdry.metmann.com\/fr\/wp-json\/wp\/v2\/media?parent=1011"}],"curies":[{"name":"wp","href":"https:\/\/api.w.org\/{rel}","templated":true}]}}